{"id":2816,"date":"2019-07-11T02:05:28","date_gmt":"2019-07-10T23:05:28","guid":{"rendered":"https:\/\/afianeswines.gr\/%ce%b5%cf%80%ce%b9%cf%83%ce%ba%ce%b5%cf%86%ce%b8%ce%b5%ce%af%cf%84%ce%b5-%ce%bc%ce%b1%cf%82\/%ce%b5%ce%ba%ce%b4%ce%b7%ce%bb%cf%8e%cf%83%ce%b5%ce%b9%cf%82\/"},"modified":"2025-05-15T20:42:49","modified_gmt":"2025-05-15T17:42:49","slug":"evenements","status":"publish","type":"page","link":"https:\/\/afianeswines.gr\/fr\/visitez-nous\/evenements\/","title":{"rendered":"\u00c9v\u00e9nements 2025"},"content":{"rendered":"<p>[vc_row disable_element=\u00a0\u00bbyes\u00a0\u00bb][vc_column][vc_row_inner][vc_column_inner width=\u00a0\u00bb1\/2&Prime; css=\u00a0\u00bb.vc_custom_1562072781543{margin-top: 35px !important;}\u00a0\u00bb]\n\t<div class=\"featured-image-box  text-align-left normal_hover_style\">\n\t\t<figure class=\" default\">\n\t\t\t <img decoding=\"async\" class=\"wp-post-image default\" src=\"https:\/\/afianeswines.gr\/wp-content\/uploads\/2019\/07\/ktima1.jpg\" alt=\"\" \/> \n\t\t<figcaption>\n\t\t\t<h4><\/h4>\n\t\t\t<p><\/p>\n\t\t<\/figcaption>\n\t\t<\/figure>\n\t<\/div> [\/vc_column_inner][vc_column_inner width=\u00a0\u00bb1\/2&Prime;][vc_column_text el_class=\u00a0\u00bbsmall-box-text\u00a0\u00bb]<\/p>\n<h2>F\u00eate des vendanges dans le village<\/h2>\n<p>Ces derni\u00e8res ann\u00e9es, nous avons d\u00e9velopp\u00e9 la vinification dans un espace ouvert de notre domaine. Nous produisons des vins avec le minimum d&rsquo;interf\u00e9rence de la machine, connus internationalement sous le nom des Vins Naturels. Dans le m\u00eame temps, nous suivons les principes de l&rsquo;agriculture biologique ainsi que les principes de la biodynamie.<\/p>\n<p>Nous croyons qu&rsquo;en respectant l&rsquo;environnement, il nous donnera ce qu&rsquo;il peut, nous r\u00e9compensant de notre prudence et de notre patience. C&rsquo;est, apr\u00e8s tout, la philosophie qui d\u00e9finit la vie \u00e0 Icarie depuis toujours. Comme chaque \u00e9t\u00e9, nous vous attendons pour r\u00e9colter ensemble. De mi-ao\u00fbt \u00e0 mi-septembre, nous vous attendons cette ann\u00e9e pour la r\u00e9colte annuelle de 2021!<\/p>\n<p>Le programme: Rendez-vous \u00e0 9h30 au domaine. Nous prenons quelques minutes pour faire connaissance, nous prenons des bouteilles d&rsquo;eau, des chapeaux, des cages \u00e0 raisins et nous partons pour le vignoble puis nous commen\u00e7ons les vendanges. Nous remplissons les caisses et retournons \u00e0 la cave pour la presse. Foulage dans la presse traditionnelle en granit et test du mo\u00fbt dans des pots argile. \u00c0 14h00, nous nous asseyons tous ensembles \u00e0 une table du monast\u00e8re pour un repas traditionnel d&rsquo;Icarie, accompagn\u00e9 de nos vins. R\u00e9servation requise.<\/p>\n<p>Nous mettons \u00e0 disposition 2 voitures avec chauffeurs. Pour les si\u00e8ges dans la voiture, l&rsquo;ordre de priorit\u00e9 est respect\u00e9, pour les autres vous devez avoir votre propre moyen de transport.<\/p>\n<p>Vous aurez besoin de baskets, de v\u00eatements confortables et d&rsquo;une cr\u00e8me solaire.<\/p>\n<p>C&rsquo;est possible de r\u00e9server jusqu&rsquo;\u00e0 24 heures avant le vendange. Les dates sont affich\u00e9es dans nos actualit\u00e9s sur la page <a href=\"https:\/\/afianeswines.gr\/%cf%84%ce%b1-%ce%bd%ce%ad%ce%b1-%ce%bc%ce%b1%cf%82\/\">histoires du vin<\/a>.[\/vc_column_text][\/vc_column_inner][\/vc_row_inner][\/vc_column][\/vc_row][vc_row full_width=\u00a0\u00bbstretch_row\u00a0\u00bb css=\u00a0\u00bb.vc_custom_1562707232967{background: #f1f1f1 url(https:\/\/afianeswines.gr\/wp-content\/uploads\/2018\/02\/homepage_white_leaves.png?id=1390) !important;background-position: center !important;background-repeat: no-repeat !important;background-size: cover !important;}\u00a0\u00bb][vc_column][vc_row_inner][vc_column_inner width=\u00a0\u00bb1\/2&Prime;][vc_column_text el_class=\u00a0\u00bbsmall-box-text\u00a0\u00bb]<\/p>\n<h2>Mariage sur notre domaine<\/h2>\n<p>De mai \u00e0 octobre, nous organisons pour vous des mariages ainsi que des mariages politiques au th\u00e9\u00e2tre en pierre \u00ab\u00a0Dionysos\u00a0\u00bb du domaine, surplombant la mer d&rsquo;Icarie au milieu des vignes. Nous proposons des forfaits mariage afin de ne donner que les meilleures impressions et les plus beaux souvenirs pour vous et vos invit\u00e9s. Les forfaits peuvent \u00eatre modifi\u00e9s si vous souhaitez ajouter ou supprimer quelque chose. Enfin il y a la possibilit\u00e9 de louer l&rsquo;espace, pour organiser votre mariage comme vous voulez .<\/p>\n<p>Pour plus d&rsquo;informations, contactez nous.[\/vc_column_text][\/vc_column_inner][vc_column_inner width=\u00a0\u00bb1\/2&Prime; css=\u00a0\u00bb.vc_custom_1562072776801{margin-top: 35px !important;}\u00a0\u00bb]\n\t<div class=\"featured-image-box  text-align-left normal_hover_style\">\n\t\t<figure class=\" default\">\n\t\t\t <img decoding=\"async\" class=\"wp-post-image default\" src=\"https:\/\/afianeswines.gr\/wp-content\/uploads\/2019\/07\/gamos.jpg\" alt=\"\" \/> \n\t\t<figcaption>\n\t\t\t<h4><\/h4>\n\t\t\t<p><\/p>\n\t\t<\/figcaption>\n\t\t<\/figure>\n\t<\/div> [\/vc_column_inner][\/vc_row_inner][\/vc_column][\/vc_row][vc_row][vc_column][vc_row_inner][vc_column_inner width=\u00a0\u00bb1\/2&Prime; css=\u00a0\u00bb.vc_custom_1562072781543{margin-top: 35px !important;}\u00a0\u00bb]\n\t<div class=\"featured-image-box  text-align-left normal_hover_style\">\n\t\t<figure class=\" default\">\n\t\t\t <img decoding=\"async\" class=\"wp-post-image default\" src=\"https:\/\/afianeswines.gr\/wp-content\/uploads\/2020\/05\/86501296_1926439394167277_2830077006442397696_o.jpg\" alt=\"\" \/> \n\t\t<figcaption>\n\t\t\t<h4><\/h4>\n\t\t\t<p><\/p>\n\t\t<\/figcaption>\n\t\t<\/figure>\n\t<\/div> \n\t<div class=\"featured-image-box  text-align-left normal_hover_style\">\n\t\t<figure class=\" default\">\n\t\t\t <img decoding=\"async\" class=\"wp-post-image default\" src=\"https:\/\/afianeswines.gr\/wp-content\/uploads\/2020\/05\/IMG_5309-e1716916142664.jpg\" alt=\"\" \/> \n\t\t<figcaption>\n\t\t\t<h4><\/h4>\n\t\t\t<p><\/p>\n\t\t<\/figcaption>\n\t\t<\/figure>\n\t<\/div> [\/vc_column_inner][vc_column_inner width=\u00a0\u00bb1\/2&Prime;][vc_column_text el_class=\u00a0\u00bbsmall-box-text\u00a0\u00bb]<\/p>\n<h2>Th\u00e9\u00e2tre<\/h2>\n<p>Le petit th\u00e9\u00e2tre antique \u00ab\u00a0Dionysos\u00a0\u00bb est situ\u00e9 dans notre vignoble, surplombant le magnifique coucher de soleil de la mer \u00c9g\u00e9e et nous donne la possibilit\u00e9 d&rsquo;accueillir principalement en \u00e9t\u00e9 une vari\u00e9t\u00e9 d&rsquo;activit\u00e9s culturelles, telles que des \u00e9v\u00e9nements th\u00e9\u00e2traux, des \u00e9v\u00e9nements musicaux, etc. Nous l&rsquo;avons cr\u00e9\u00e9 dans le but de faire revivre notre tradition, de la relier \u00e0 la mythologie et \u00e0 l&rsquo;histoire de notre \u00eele, afin de rapprocher \u00e0 nouveau le dieu Dionysos avec le vin et la vigne.<\/p>\n<p>Toutes ces ann\u00e9es, les artistes et groupes artistiques suivants ont \u00e9t\u00e9 accueillis dans le cadre du Festival Icarus:<\/p>\n<ul>\n<li>d&rsquo;Icaria : Theologos Kappos, le groupe de th\u00e9\u00e2tre Dienta, Electra Papasimaki, Koula Spanou, Nikos Plakas, Despina Simaki etc.<\/li>\n<li>en g\u00e9n\u00e9ral de Gr\u00e8ce : Giota Nega, Elli Paspala, Haig Yiazijian, Savina Giannatou, Phoebus Delivorias, Eleni Peta, Katerina Didaskalou, Maria Rizou, Il Parraiso, Doros Demosthenous, Stringless, Eugenia Karfemos Grafmatos, Eugenia Karlfos et autres artistes importants.<\/li>\n<li>de l&rsquo;\u00e9tranger : Kolektif Istanbul, Aires des Argentina, Panselinos Ensemble, groupe de musique traditionnelle norv\u00e9gienne etc.<\/li>\n<\/ul>\n<p>Il y a aussi la possibilit\u00e9 d&rsquo;organiser ensemble vos propres activit\u00e9s li\u00e9es \u00e0 la culture (\u00e9v\u00e9nements th\u00e9\u00e2traux, \u00e9v\u00e9nements musicaux, pr\u00e9sentations de livres, conf\u00e9rences, etc.)<\/p>\n<p>* Pour le programme des \u00e9v\u00e9nements qui auront lieu au th\u00e9\u00e2tre \u00ab\u00a0Dionysos\u00a0\u00bb en 2021, mais aussi dans les ann\u00e9es \u00e0 venir, visitez la section de notre site \u00ab\u00a0NOS ACTUALIT\u00c9S\u00a0\u00bb ou notre page facebook Afianes Wines.[\/vc_column_text][\/vc_column_inner][\/vc_row_inner][\/vc_column][\/vc_row][vc_row full_width=\u00a0\u00bbstretch_row\u00a0\u00bb parallax=\u00a0\u00bbcontent-moving\u00a0\u00bb parallax_image=\u00a0\u00bb2100&Prime; css=\u00a0\u00bb.vc_custom_1562800094665{margin-bottom: 0px !important;border-bottom-width: 0px !important;background-position: center;background-repeat: no-repeat;background-size: cover !important;}\u00a0\u00bb][vc_column][vc_row_inner equal_height=\u00a0\u00bbyes\u00a0\u00bb css=\u00a0\u00bb.vc_custom_1562800063964{margin-top: 0px !important;padding-top: 50px !important;}\u00a0\u00bb][vc_column_inner width=\u00a0\u00bb1\/3&Prime;]\n\t<div class=\"gg-infobox  vc_custom_1619104002736\" style=\"text-align:left;\">\n\t\t\n\t\t<h4 style=\"color: #b61c2a;\">Mariage sur notre domaine<\/h4>\n\t\t<div class=\"description\" ><p><a class=\"call-to-book\" href=\"tel:+3022750 40008\">Appelez pour faire une r\u00e9servation<\/a><\/p>\n<\/div>\n\t<\/div> [\/vc_column_inner][vc_column_inner width=\u00a0\u00bb1\/3&Prime;]\n\t<div class=\"gg-infobox  vc_custom_1619104049064\" style=\"text-align:left;\">\n\t\t\n\t\t<h4 style=\"color: #b61c2a;\">Th\u00e9\u00e2tre<\/h4>\n\t\t<div class=\"description\" ><p><a class=\"call-to-book\" href=\"tel:+3022750 40008\">Appelez pour faire une r\u00e9servation<\/a><\/p>\n<\/div>\n\t<\/div> [\/vc_column_inner][\/vc_row_inner][\/vc_column][\/vc_row]<\/p>\n","protected":false},"excerpt":{"rendered":"<p>[vc_row disable_element=\u00a0\u00bbyes\u00a0\u00bb][vc_column][vc_row_inner][vc_column_inner width=\u00a0\u00bb1\/2&Prime; css=\u00a0\u00bb.vc_custom_1562072781543{margin-top: 35px !important;}\u00a0\u00bb][\/vc_column_inner][vc_column_inner width=\u00a0\u00bb1\/2&Prime;][vc_column_text el_class=\u00a0\u00bbsmall-box-text\u00a0\u00bb] F\u00eate des vendanges dans le village Ces derni\u00e8res ann\u00e9es, nous avons d\u00e9velopp\u00e9 la vinification dans un espace ouvert de notre domaine. Nous produisons des vins avec le minimum d&rsquo;interf\u00e9rence de la machine, connus internationalement sous le nom des Vins Naturels. Dans le m\u00eame temps, nous suivons les<br class=\"read-more-spacer\"> <a class=\"more-link\" href=\"https:\/\/afianeswines.gr\/fr\/visitez-nous\/evenements\/\">Read More<\/a><\/p>\n","protected":false},"author":1,"featured_media":2349,"parent":2796,"menu_order":0,"comment_status":"closed","ping_status":"closed","template":"","meta":{"footnotes":""},"class_list":["post-2816","page","type-page","status-publish","has-post-thumbnail","hentry"],"yoast_head":"<!-- This site is optimized with the Yoast SEO plugin v27.2 - https:\/\/yoast.com\/product\/yoast-seo-wordpress\/ -->\n<title>\u00c9v\u00e9nements 2025 - Afianes Wines<\/title>\n<meta name=\"robots\" content=\"index, follow, max-snippet:-1, max-image-preview:large, max-video-preview:-1\" \/>\n<link rel=\"canonical\" href=\"https:\/\/afianeswines.gr\/fr\/visitez-nous\/evenements\/\" \/>\n<meta property=\"og:locale\" content=\"fr_FR\" \/>\n<meta property=\"og:type\" content=\"article\" \/>\n<meta property=\"og:title\" content=\"\u00c9v\u00e9nements 2025 - Afianes Wines\" \/>\n<meta property=\"og:description\" content=\"[vc_row disable_element=\u00a0\u00bbyes\u00a0\u00bb][vc_column][vc_row_inner][vc_column_inner width=\u00a0\u00bb1\/2&Prime; css=\u00a0\u00bb.vc_custom_1562072781543{margin-top: 35px !important;}\u00a0\u00bb][\/vc_column_inner][vc_column_inner width=\u00a0\u00bb1\/2&Prime;][vc_column_text el_class=\u00a0\u00bbsmall-box-text\u00a0\u00bb] F\u00eate des vendanges dans le village Ces derni\u00e8res ann\u00e9es, nous avons d\u00e9velopp\u00e9 la vinification dans un espace ouvert de notre domaine. Nous produisons des vins avec le minimum d&rsquo;interf\u00e9rence de la machine, connus internationalement sous le nom des Vins Naturels. Dans le m\u00eame temps, nous suivons les Read More\" \/>\n<meta property=\"og:url\" content=\"https:\/\/afianeswines.gr\/fr\/visitez-nous\/evenements\/\" \/>\n<meta property=\"og:site_name\" content=\"Afianes Wines\" \/>\n<meta property=\"article:modified_time\" content=\"2025-05-15T17:42:49+00:00\" \/>\n<meta property=\"og:image\" content=\"https:\/\/afianeswines.gr\/wp-content\/uploads\/2019\/07\/ekdiloseis_header.jpg\" \/>\n\t<meta property=\"og:image:width\" content=\"2000\" \/>\n\t<meta property=\"og:image:height\" content=\"611\" \/>\n\t<meta property=\"og:image:type\" content=\"image\/jpeg\" \/>\n<meta name=\"twitter:card\" content=\"summary_large_image\" \/>\n<meta name=\"twitter:label1\" content=\"Dur\u00e9e de lecture estim\u00e9e\" \/>\n\t<meta name=\"twitter:data1\" content=\"4 minutes\" \/>\n<script type=\"application\/ld+json\" class=\"yoast-schema-graph\">{\"@context\":\"https:\/\/schema.org\",\"@graph\":[{\"@type\":\"WebPage\",\"@id\":\"https:\/\/afianeswines.gr\/fr\/visitez-nous\/evenements\/\",\"url\":\"https:\/\/afianeswines.gr\/fr\/visitez-nous\/evenements\/\",\"name\":\"\u00c9v\u00e9nements 2025 - Afianes Wines\",\"isPartOf\":{\"@id\":\"https:\/\/afianeswines.gr\/fr\/#website\"},\"primaryImageOfPage\":{\"@id\":\"https:\/\/afianeswines.gr\/fr\/visitez-nous\/evenements\/#primaryimage\"},\"image\":{\"@id\":\"https:\/\/afianeswines.gr\/fr\/visitez-nous\/evenements\/#primaryimage\"},\"thumbnailUrl\":\"https:\/\/afianeswines.gr\/wp-content\/uploads\/2019\/07\/ekdiloseis_header.jpg\",\"datePublished\":\"2019-07-10T23:05:28+00:00\",\"dateModified\":\"2025-05-15T17:42:49+00:00\",\"breadcrumb\":{\"@id\":\"https:\/\/afianeswines.gr\/fr\/visitez-nous\/evenements\/#breadcrumb\"},\"inLanguage\":\"fr-FR\",\"potentialAction\":[{\"@type\":\"ReadAction\",\"target\":[\"https:\/\/afianeswines.gr\/fr\/visitez-nous\/evenements\/\"]}]},{\"@type\":\"ImageObject\",\"inLanguage\":\"fr-FR\",\"@id\":\"https:\/\/afianeswines.gr\/fr\/visitez-nous\/evenements\/#primaryimage\",\"url\":\"https:\/\/afianeswines.gr\/wp-content\/uploads\/2019\/07\/ekdiloseis_header.jpg\",\"contentUrl\":\"https:\/\/afianeswines.gr\/wp-content\/uploads\/2019\/07\/ekdiloseis_header.jpg\",\"width\":2000,\"height\":611},{\"@type\":\"BreadcrumbList\",\"@id\":\"https:\/\/afianeswines.gr\/fr\/visitez-nous\/evenements\/#breadcrumb\",\"itemListElement\":[{\"@type\":\"ListItem\",\"position\":1,\"name\":\"Home\",\"item\":\"https:\/\/afianeswines.gr\/fr\/\"},{\"@type\":\"ListItem\",\"position\":2,\"name\":\"Visitez-nous\",\"item\":\"https:\/\/afianeswines.gr\/fr\/visitenos\/\"},{\"@type\":\"ListItem\",\"position\":3,\"name\":\"\u00c9v\u00e9nements 2025\"}]},{\"@type\":\"WebSite\",\"@id\":\"https:\/\/afianeswines.gr\/fr\/#website\",\"url\":\"https:\/\/afianeswines.gr\/fr\/\",\"name\":\"Afianes Wines\",\"description\":\"\u039f\u03b9\u03bd\u03bf\u03c0\u03bf\u03b9\u03b5\u03af\u03bf \u0399\u03ba\u03b1\u03c1\u03af\u03b1 - \u0395\u03ba\u03bb\u03b5\u03ba\u03c4\u03ac \u03ba\u03c1\u03b1\u03c3\u03b9\u03ac\",\"potentialAction\":[{\"@type\":\"SearchAction\",\"target\":{\"@type\":\"EntryPoint\",\"urlTemplate\":\"https:\/\/afianeswines.gr\/fr\/?s={search_term_string}\"},\"query-input\":{\"@type\":\"PropertyValueSpecification\",\"valueRequired\":true,\"valueName\":\"search_term_string\"}}],\"inLanguage\":\"fr-FR\"}]}<\/script>\n<!-- \/ Yoast SEO plugin. -->","yoast_head_json":{"title":"\u00c9v\u00e9nements 2025 - Afianes Wines","robots":{"index":"index","follow":"follow","max-snippet":"max-snippet:-1","max-image-preview":"max-image-preview:large","max-video-preview":"max-video-preview:-1"},"canonical":"https:\/\/afianeswines.gr\/fr\/visitez-nous\/evenements\/","og_locale":"fr_FR","og_type":"article","og_title":"\u00c9v\u00e9nements 2025 - Afianes Wines","og_description":"[vc_row disable_element=\u00a0\u00bbyes\u00a0\u00bb][vc_column][vc_row_inner][vc_column_inner width=\u00a0\u00bb1\/2&Prime; css=\u00a0\u00bb.vc_custom_1562072781543{margin-top: 35px !important;}\u00a0\u00bb][\/vc_column_inner][vc_column_inner width=\u00a0\u00bb1\/2&Prime;][vc_column_text el_class=\u00a0\u00bbsmall-box-text\u00a0\u00bb] F\u00eate des vendanges dans le village Ces derni\u00e8res ann\u00e9es, nous avons d\u00e9velopp\u00e9 la vinification dans un espace ouvert de notre domaine. Nous produisons des vins avec le minimum d&rsquo;interf\u00e9rence de la machine, connus internationalement sous le nom des Vins Naturels. Dans le m\u00eame temps, nous suivons les Read More","og_url":"https:\/\/afianeswines.gr\/fr\/visitez-nous\/evenements\/","og_site_name":"Afianes Wines","article_modified_time":"2025-05-15T17:42:49+00:00","og_image":[{"width":2000,"height":611,"url":"https:\/\/afianeswines.gr\/wp-content\/uploads\/2019\/07\/ekdiloseis_header.jpg","type":"image\/jpeg"}],"twitter_card":"summary_large_image","twitter_misc":{"Dur\u00e9e de lecture estim\u00e9e":"4 minutes"},"schema":{"@context":"https:\/\/schema.org","@graph":[{"@type":"WebPage","@id":"https:\/\/afianeswines.gr\/fr\/visitez-nous\/evenements\/","url":"https:\/\/afianeswines.gr\/fr\/visitez-nous\/evenements\/","name":"\u00c9v\u00e9nements 2025 - Afianes Wines","isPartOf":{"@id":"https:\/\/afianeswines.gr\/fr\/#website"},"primaryImageOfPage":{"@id":"https:\/\/afianeswines.gr\/fr\/visitez-nous\/evenements\/#primaryimage"},"image":{"@id":"https:\/\/afianeswines.gr\/fr\/visitez-nous\/evenements\/#primaryimage"},"thumbnailUrl":"https:\/\/afianeswines.gr\/wp-content\/uploads\/2019\/07\/ekdiloseis_header.jpg","datePublished":"2019-07-10T23:05:28+00:00","dateModified":"2025-05-15T17:42:49+00:00","breadcrumb":{"@id":"https:\/\/afianeswines.gr\/fr\/visitez-nous\/evenements\/#breadcrumb"},"inLanguage":"fr-FR","potentialAction":[{"@type":"ReadAction","target":["https:\/\/afianeswines.gr\/fr\/visitez-nous\/evenements\/"]}]},{"@type":"ImageObject","inLanguage":"fr-FR","@id":"https:\/\/afianeswines.gr\/fr\/visitez-nous\/evenements\/#primaryimage","url":"https:\/\/afianeswines.gr\/wp-content\/uploads\/2019\/07\/ekdiloseis_header.jpg","contentUrl":"https:\/\/afianeswines.gr\/wp-content\/uploads\/2019\/07\/ekdiloseis_header.jpg","width":2000,"height":611},{"@type":"BreadcrumbList","@id":"https:\/\/afianeswines.gr\/fr\/visitez-nous\/evenements\/#breadcrumb","itemListElement":[{"@type":"ListItem","position":1,"name":"Home","item":"https:\/\/afianeswines.gr\/fr\/"},{"@type":"ListItem","position":2,"name":"Visitez-nous","item":"https:\/\/afianeswines.gr\/fr\/visitenos\/"},{"@type":"ListItem","position":3,"name":"\u00c9v\u00e9nements 2025"}]},{"@type":"WebSite","@id":"https:\/\/afianeswines.gr\/fr\/#website","url":"https:\/\/afianeswines.gr\/fr\/","name":"Afianes Wines","description":"\u039f\u03b9\u03bd\u03bf\u03c0\u03bf\u03b9\u03b5\u03af\u03bf \u0399\u03ba\u03b1\u03c1\u03af\u03b1 - \u0395\u03ba\u03bb\u03b5\u03ba\u03c4\u03ac \u03ba\u03c1\u03b1\u03c3\u03b9\u03ac","potentialAction":[{"@type":"SearchAction","target":{"@type":"EntryPoint","urlTemplate":"https:\/\/afianeswines.gr\/fr\/?s={search_term_string}"},"query-input":{"@type":"PropertyValueSpecification","valueRequired":true,"valueName":"search_term_string"}}],"inLanguage":"fr-FR"}]}},"_links":{"self":[{"href":"https:\/\/afianeswines.gr\/fr\/wp-json\/wp\/v2\/pages\/2816","targetHints":{"allow":["GET"]}}],"collection":[{"href":"https:\/\/afianeswines.gr\/fr\/wp-json\/wp\/v2\/pages"}],"about":[{"href":"https:\/\/afianeswines.gr\/fr\/wp-json\/wp\/v2\/types\/page"}],"author":[{"embeddable":true,"href":"https:\/\/afianeswines.gr\/fr\/wp-json\/wp\/v2\/users\/1"}],"replies":[{"embeddable":true,"href":"https:\/\/afianeswines.gr\/fr\/wp-json\/wp\/v2\/comments?post=2816"}],"version-history":[{"count":13,"href":"https:\/\/afianeswines.gr\/fr\/wp-json\/wp\/v2\/pages\/2816\/revisions"}],"predecessor-version":[{"id":39575,"href":"https:\/\/afianeswines.gr\/fr\/wp-json\/wp\/v2\/pages\/2816\/revisions\/39575"}],"up":[{"embeddable":true,"href":"https:\/\/afianeswines.gr\/fr\/wp-json\/wp\/v2\/pages\/2796"}],"wp:featuredmedia":[{"embeddable":true,"href":"https:\/\/afianeswines.gr\/fr\/wp-json\/wp\/v2\/media\/2349"}],"wp:attachment":[{"href":"https:\/\/afianeswines.gr\/fr\/wp-json\/wp\/v2\/media?parent=2816"}],"curies":[{"name":"wp","href":"https:\/\/api.w.org\/{rel}","templated":true}]}}