{"id":34620,"date":"2019-07-11T02:05:28","date_gmt":"2019-07-10T23:05:28","guid":{"rendered":"https:\/\/afianeswines.gr\/%ce%b5%cf%80%ce%b9%cf%83%ce%ba%ce%b5%cf%86%ce%b8%ce%b5%ce%af%cf%84%ce%b5-%ce%bc%ce%b1%cf%82\/%ce%b5%ce%ba%ce%b4%ce%b7%ce%bb%cf%8e%cf%83%ce%b5%ce%b9%cf%82\/"},"modified":"2023-06-29T18:35:26","modified_gmt":"2023-06-29T15:35:26","slug":"eventos","status":"publish","type":"page","link":"https:\/\/afianeswines.gr\/es\/visitenos\/eventos\/","title":{"rendered":"Eventos"},"content":{"rendered":"<p>[vc_row][vc_column][vc_row_inner disable_element=\u00bbyes\u00bb][vc_column_inner width=\u00bb1\/2&#8243; css=\u00bb.vc_custom_1562072781543{margin-top: 35px !important;}\u00bb]\n\t<div class=\"featured-image-box  text-align-left normal_hover_style\">\n\t\t<figure class=\" default\">\n\t\t\t <img decoding=\"async\" class=\"wp-post-image default\" src=\"https:\/\/afianeswines.gr\/wp-content\/uploads\/2019\/07\/ktima1.jpg\" alt=\"\" \/> \n\t\t<figcaption>\n\t\t\t<h4><\/h4>\n\t\t\t<p><\/p>\n\t\t<\/figcaption>\n\t\t<\/figure>\n\t<\/div> [\/vc_column_inner][vc_column_inner width=\u00bb1\/2&#8243;][vc_column_text el_class=\u00bbsmall-box-text\u00bb]<\/p>\n<h2>Fiesta de la vendimia en el pueblo<\/h2>\n<p>En los \u00faltimos a\u00f1os, hemos desarrollado la vinificaci\u00f3n en el espacio abierto de nuestra bodega y elaboramos vinos con m\u00ednima interferencia de m\u00e1quinas, los conocidos internacionalmente como Vinos Naturales. Al mismo tiempo, seguimos los principios de la agricultura ecol\u00f3gica, tanto para la vid como para nuestra bodega, as\u00ed como los principios de la biodin\u00e1mica.<\/p>\n<p>Creemos que, respetando el medio ambiente, nos recompensar\u00f1a por nuestra prudencia y paciencia. Despu\u00e9s de todo, esta es la filosof\u00eda que define la vida en Icaria desde la antiguedad. Como cada verano, te esperamos para cosechar juntos. \u00a1Desde mediados de agosto hasta mediados de septiembre, los esperamos este a\u00f1o para la cosecha anual de 2021!<\/p>\n<p>Hora de encuentro 9.30 am en la bodega, nos encontramos, tomamos sombreros, agua y partimos hacia nuestro vi\u00f1edo. All\u00ed aprendemos sobre el cultivo y cuidado del vi\u00f1edo y luego iniciamos la vendimia. Llenamos los cajones y regresamos a la bodega para pisar la uva en la prensa de granito y verter el mosto en vasijas de barro. A las 14.00 nos sentamos en una mesa del monasterio para un almuerzo completo tradicional de Icaria, todos juntos, acompa\u00f1ados de nuestros vinos. Se requiere reserva.<\/p>\n<p>Proporcionamos 2 coches con conductor, para los que lleguen primero, los otros participantes deber\u00e1n tener su propio transporte.<\/p>\n<p>Necesitar\u00e1s zapatillas, ropa c\u00f3moda y bloqueador solar.<\/p>\n<p>Se aceptan reservas hasta 24 horas antes de la fecha. Las fechas est\u00e1n publicadas en nuestras <a href=\"https:\/\/afianeswines.gr\/%cf%84%ce%b1-%ce%bd%ce%ad%ce%b1-%ce%bc%ce%b1%cf%82\/\">noticias<\/a>.[\/vc_column_text][\/vc_column_inner][\/vc_row_inner][\/vc_column][\/vc_row][vc_row full_width=\u00bbstretch_row\u00bb css=\u00bb.vc_custom_1562707232967{background: #f1f1f1 url(https:\/\/afianeswines.gr\/wp-content\/uploads\/2018\/02\/homepage_white_leaves.png?id=1390) !important;background-position: center !important;background-repeat: no-repeat !important;background-size: cover !important;}\u00bb][vc_column][vc_row_inner][vc_column_inner width=\u00bb1\/2&#8243;][vc_column_text el_class=\u00bbsmall-box-text\u00bb]<\/p>\n<h2>Boda en nuestra finca<\/h2>\n<p>A partir de mayo hasta octubre, organizamos para usted en nuestra bodega fiestas de bodas, as\u00ed como bodas civiles. Estas ser\u00e1n realizadas en el teatro de piedra \u00abDioniso\u00bb de la finca con vistas al mar de Icaria, entre los vi\u00f1edos. Ofrecemos paquetes de bodas para que sea un momento inolvidable para usted y sus invitados. Los paquetes se pueden modificar si desea agregar o eliminar algo. Finalmente, tambi\u00e9n existe la posibilidad de alquilar el espacio y usted se encargar\u00e1 de la organizaci\u00f3n.<br \/>\nPara m\u00e1s informaci\u00f3n por favor cont\u00e1ctenos.[\/vc_column_text][\/vc_column_inner][vc_column_inner width=\u00bb1\/2&#8243; css=\u00bb.vc_custom_1562072776801{margin-top: 35px !important;}\u00bb]\n\t<div class=\"featured-image-box  text-align-left normal_hover_style\">\n\t\t<figure class=\" default\">\n\t\t\t <img decoding=\"async\" class=\"wp-post-image default\" src=\"https:\/\/afianeswines.gr\/wp-content\/uploads\/2019\/07\/gamos.jpg\" alt=\"\" \/> \n\t\t<figcaption>\n\t\t\t<h4><\/h4>\n\t\t\t<p><\/p>\n\t\t<\/figcaption>\n\t\t<\/figure>\n\t<\/div> [\/vc_column_inner][\/vc_row_inner][\/vc_column][\/vc_row][vc_row][vc_column][vc_row_inner][vc_column_inner width=\u00bb1\/2&#8243; css=\u00bb.vc_custom_1562072781543{margin-top: 35px !important;}\u00bb]\n\t<div class=\"featured-image-box  text-align-left normal_hover_style\">\n\t\t<figure class=\" default\">\n\t\t\t <img decoding=\"async\" class=\"wp-post-image default\" src=\"https:\/\/afianeswines.gr\/wp-content\/uploads\/2020\/05\/86501296_1926439394167277_2830077006442397696_o.jpg\" alt=\"\" \/> \n\t\t<figcaption>\n\t\t\t<h4><\/h4>\n\t\t\t<p><\/p>\n\t\t<\/figcaption>\n\t\t<\/figure>\n\t<\/div> \n\t<div class=\"featured-image-box  text-align-left normal_hover_style\">\n\t\t<figure class=\" default\">\n\t\t\t <img decoding=\"async\" class=\"wp-post-image default\" src=\"https:\/\/afianeswines.gr\/wp-content\/uploads\/2020\/05\/IMG_5309-e1716916142664.jpg\" alt=\"\" \/> \n\t\t<figcaption>\n\t\t\t<h4><\/h4>\n\t\t\t<p><\/p>\n\t\t<\/figcaption>\n\t\t<\/figure>\n\t<\/div> [\/vc_column_inner][vc_column_inner width=\u00bb1\/2&#8243;][vc_column_text el_class=\u00bbsmall-box-text\u00bb]<\/p>\n<h2>Teatro<\/h2>\n<p>El peque\u00f1o teatro antiguo \u00abDioniso\u00bb se encuentra en nuestro vi\u00f1edo, tiene vistas a la hermosa puesta de sol del mar Egeo y nos brinda la oportunidad de albergar diversas actividades culturales, especialmente en verano, como eventos teatrales, eventos musicales, etc. Lo creamos con el objetivo de revivir nuestra tradici\u00f3n, conect\u00e1ndolo con la mitolog\u00eda y la historia de nuestra isla, para acercar nuevamente al dios Dioniso con el vino y la vid.<\/p>\n<p>Durante todos estos a\u00f1os, los siguientes artistas y agrupaciones art\u00edsticas se han alojado en el marco del Festival \u00cdcaro:<\/p>\n<ul>\n<li>de Icaria: Theologos Kappos, grupo de teatro Dienta, Electra Papasimaki, Koula Spanou, Nikos Plakas, Despina Simaki etc.<\/li>\n<li>del resto de Grecia: Giota Nega, Elli Paspala, Haig Yiazijian, Savina Giannatou, Phoebus Delivorias, Eleni Peta, Katerina Didaskalou, Maria Rizou, Il Parraiso, Doros Demosthenous, Stringless, Eugenia Karfemos Grafmis, Eugenia Karlfos y otros artistas importantes.<\/li>\n<li>del extranjero: Kolektif Istanbul, Aires des Argentina, Panselinos Ensemble, grupo de m\u00fasica tradicional de Noruega, etc.<\/li>\n<\/ul>\n<p>Tambi\u00e9n existe la posibilidad de organizar juntos sus propias actividades relacionadas con la cultura (eventos teatrales, eventos musicales, presentaciones de libros, conferencias, etc.)<\/p>\n<p>* Para conocer el programa de eventos que tendr\u00e1 lugar en el teatro \u00abDionisos\u00bb en 2021, pero tambi\u00e9n en los pr\u00f3ximos a\u00f1os, visite la secci\u00f3n de nuestro sitio \u00abHISTORIA DEL VINO\u00bb o nuestra p\u00e1gina de Facebook e Instagram Afianes Wines.[\/vc_column_text][\/vc_column_inner][\/vc_row_inner][\/vc_column][\/vc_row][vc_row full_width=\u00bbstretch_row\u00bb parallax=\u00bbcontent-moving\u00bb parallax_image=\u00bb2100&#8243; css=\u00bb.vc_custom_1562800094665{margin-bottom: 0px !important;border-bottom-width: 0px !important;background-position: center;background-repeat: no-repeat !important;background-size: cover !important;}\u00bb][vc_column][vc_row_inner equal_height=\u00bbyes\u00bb css=\u00bb.vc_custom_1562800063964{margin-top: 0px !important;padding-top: 50px !important;}\u00bb][vc_column_inner width=\u00bb1\/3&#8243;]\n\t<div class=\"gg-infobox  vc_custom_1617903967364\" style=\"text-align:left;\">\n\t\t\n\t\t<h4 style=\"color: #b61c2a;\">Boda en nuestra finca<\/h4>\n\t\t<div class=\"description\" ><p><a class=\"call-to-book\" href=\"tel:+3022750 40008\">Cont\u00e1ctenos para reservar<\/a><\/p>\n<\/div>\n\t<\/div> [\/vc_column_inner][vc_column_inner width=\u00bb1\/3&#8243;]\n\t<div class=\"gg-infobox  vc_custom_1617904001369\" style=\"text-align:left;\">\n\t\t\n\t\t<h4 style=\"color: #b61c2a;\">Teatro<\/h4>\n\t\t<div class=\"description\" ><p><a class=\"call-to-book\" href=\"tel:+3022750 40008\">Cont\u00e1ctenos para reservar<\/a><\/p>\n<\/div>\n\t<\/div> [\/vc_column_inner][\/vc_row_inner][\/vc_column][\/vc_row]<\/p>\n","protected":false},"excerpt":{"rendered":"<p>[vc_row][vc_column][vc_row_inner disable_element=\u00bbyes\u00bb][vc_column_inner width=\u00bb1\/2&#8243; css=\u00bb.vc_custom_1562072781543{margin-top: 35px !important;}\u00bb][\/vc_column_inner][vc_column_inner width=\u00bb1\/2&#8243;][vc_column_text el_class=\u00bbsmall-box-text\u00bb] Fiesta de la vendimia en el pueblo En los \u00faltimos a\u00f1os, hemos desarrollado la vinificaci\u00f3n en el espacio abierto de nuestra bodega y elaboramos vinos con m\u00ednima interferencia de m\u00e1quinas, los conocidos internacionalmente como Vinos Naturales. Al mismo tiempo, seguimos los principios de la agricultura ecol\u00f3gica, tanto<br class=\"read-more-spacer\"> <a class=\"more-link\" href=\"https:\/\/afianeswines.gr\/es\/visitenos\/eventos\/\">Read More<\/a><\/p>\n","protected":false},"author":1,"featured_media":34622,"parent":34501,"menu_order":0,"comment_status":"closed","ping_status":"closed","template":"","meta":{"footnotes":""},"class_list":["post-34620","page","type-page","status-publish","has-post-thumbnail","hentry"],"yoast_head":"<!-- This site is optimized with the Yoast SEO plugin v27.2 - https:\/\/yoast.com\/product\/yoast-seo-wordpress\/ -->\n<title>Eventos - Afianes Wines<\/title>\n<meta name=\"robots\" content=\"index, follow, max-snippet:-1, max-image-preview:large, max-video-preview:-1\" \/>\n<link rel=\"canonical\" href=\"https:\/\/afianeswines.gr\/es\/visitenos\/eventos\/\" \/>\n<meta property=\"og:locale\" content=\"es_ES\" \/>\n<meta property=\"og:type\" content=\"article\" \/>\n<meta property=\"og:title\" content=\"Eventos - Afianes Wines\" \/>\n<meta property=\"og:description\" content=\"[vc_row][vc_column][vc_row_inner disable_element=\u00bbyes\u00bb][vc_column_inner width=\u00bb1\/2&#8243; css=\u00bb.vc_custom_1562072781543{margin-top: 35px !important;}\u00bb][\/vc_column_inner][vc_column_inner width=\u00bb1\/2&#8243;][vc_column_text el_class=\u00bbsmall-box-text\u00bb] Fiesta de la vendimia en el pueblo En los \u00faltimos a\u00f1os, hemos desarrollado la vinificaci\u00f3n en el espacio abierto de nuestra bodega y elaboramos vinos con m\u00ednima interferencia de m\u00e1quinas, los conocidos internacionalmente como Vinos Naturales. Al mismo tiempo, seguimos los principios de la agricultura ecol\u00f3gica, tanto Read More\" \/>\n<meta property=\"og:url\" content=\"https:\/\/afianeswines.gr\/es\/visitenos\/eventos\/\" \/>\n<meta property=\"og:site_name\" content=\"Afianes Wines\" \/>\n<meta property=\"article:modified_time\" content=\"2023-06-29T15:35:26+00:00\" \/>\n<meta property=\"og:image\" content=\"https:\/\/afianeswines.gr\/wp-content\/uploads\/2019\/07\/ekdiloseis_header.jpg\" \/>\n\t<meta property=\"og:image:width\" content=\"2000\" \/>\n\t<meta property=\"og:image:height\" content=\"611\" \/>\n\t<meta property=\"og:image:type\" content=\"image\/jpeg\" \/>\n<meta name=\"twitter:card\" content=\"summary_large_image\" \/>\n<meta name=\"twitter:label1\" content=\"Tiempo de lectura\" \/>\n\t<meta name=\"twitter:data1\" content=\"3 minutos\" \/>\n<script type=\"application\/ld+json\" class=\"yoast-schema-graph\">{\"@context\":\"https:\/\/schema.org\",\"@graph\":[{\"@type\":\"WebPage\",\"@id\":\"https:\/\/afianeswines.gr\/es\/visitenos\/eventos\/\",\"url\":\"https:\/\/afianeswines.gr\/es\/visitenos\/eventos\/\",\"name\":\"Eventos - Afianes Wines\",\"isPartOf\":{\"@id\":\"https:\/\/afianeswines.gr\/es\/#website\"},\"primaryImageOfPage\":{\"@id\":\"https:\/\/afianeswines.gr\/es\/visitenos\/eventos\/#primaryimage\"},\"image\":{\"@id\":\"https:\/\/afianeswines.gr\/es\/visitenos\/eventos\/#primaryimage\"},\"thumbnailUrl\":\"https:\/\/afianeswines.gr\/wp-content\/uploads\/2019\/07\/ekdiloseis_header.jpg\",\"datePublished\":\"2019-07-10T23:05:28+00:00\",\"dateModified\":\"2023-06-29T15:35:26+00:00\",\"breadcrumb\":{\"@id\":\"https:\/\/afianeswines.gr\/es\/visitenos\/eventos\/#breadcrumb\"},\"inLanguage\":\"es\",\"potentialAction\":[{\"@type\":\"ReadAction\",\"target\":[\"https:\/\/afianeswines.gr\/es\/visitenos\/eventos\/\"]}]},{\"@type\":\"ImageObject\",\"inLanguage\":\"es\",\"@id\":\"https:\/\/afianeswines.gr\/es\/visitenos\/eventos\/#primaryimage\",\"url\":\"https:\/\/afianeswines.gr\/wp-content\/uploads\/2019\/07\/ekdiloseis_header.jpg\",\"contentUrl\":\"https:\/\/afianeswines.gr\/wp-content\/uploads\/2019\/07\/ekdiloseis_header.jpg\",\"width\":2000,\"height\":611},{\"@type\":\"BreadcrumbList\",\"@id\":\"https:\/\/afianeswines.gr\/es\/visitenos\/eventos\/#breadcrumb\",\"itemListElement\":[{\"@type\":\"ListItem\",\"position\":1,\"name\":\"Home\",\"item\":\"https:\/\/afianeswines.gr\/es\/\"},{\"@type\":\"ListItem\",\"position\":2,\"name\":\"Vis\u00edtenos\",\"item\":\"https:\/\/afianeswines.gr\/es\/visitenos\/\"},{\"@type\":\"ListItem\",\"position\":3,\"name\":\"Eventos\"}]},{\"@type\":\"WebSite\",\"@id\":\"https:\/\/afianeswines.gr\/es\/#website\",\"url\":\"https:\/\/afianeswines.gr\/es\/\",\"name\":\"Afianes Wines\",\"description\":\"\u039f\u03b9\u03bd\u03bf\u03c0\u03bf\u03b9\u03b5\u03af\u03bf \u0399\u03ba\u03b1\u03c1\u03af\u03b1 - \u0395\u03ba\u03bb\u03b5\u03ba\u03c4\u03ac \u03ba\u03c1\u03b1\u03c3\u03b9\u03ac\",\"potentialAction\":[{\"@type\":\"SearchAction\",\"target\":{\"@type\":\"EntryPoint\",\"urlTemplate\":\"https:\/\/afianeswines.gr\/es\/?s={search_term_string}\"},\"query-input\":{\"@type\":\"PropertyValueSpecification\",\"valueRequired\":true,\"valueName\":\"search_term_string\"}}],\"inLanguage\":\"es\"}]}<\/script>\n<!-- \/ Yoast SEO plugin. -->","yoast_head_json":{"title":"Eventos - Afianes Wines","robots":{"index":"index","follow":"follow","max-snippet":"max-snippet:-1","max-image-preview":"max-image-preview:large","max-video-preview":"max-video-preview:-1"},"canonical":"https:\/\/afianeswines.gr\/es\/visitenos\/eventos\/","og_locale":"es_ES","og_type":"article","og_title":"Eventos - Afianes Wines","og_description":"[vc_row][vc_column][vc_row_inner disable_element=\u00bbyes\u00bb][vc_column_inner width=\u00bb1\/2&#8243; css=\u00bb.vc_custom_1562072781543{margin-top: 35px !important;}\u00bb][\/vc_column_inner][vc_column_inner width=\u00bb1\/2&#8243;][vc_column_text el_class=\u00bbsmall-box-text\u00bb] Fiesta de la vendimia en el pueblo En los \u00faltimos a\u00f1os, hemos desarrollado la vinificaci\u00f3n en el espacio abierto de nuestra bodega y elaboramos vinos con m\u00ednima interferencia de m\u00e1quinas, los conocidos internacionalmente como Vinos Naturales. Al mismo tiempo, seguimos los principios de la agricultura ecol\u00f3gica, tanto Read More","og_url":"https:\/\/afianeswines.gr\/es\/visitenos\/eventos\/","og_site_name":"Afianes Wines","article_modified_time":"2023-06-29T15:35:26+00:00","og_image":[{"width":2000,"height":611,"url":"https:\/\/afianeswines.gr\/wp-content\/uploads\/2019\/07\/ekdiloseis_header.jpg","type":"image\/jpeg"}],"twitter_card":"summary_large_image","twitter_misc":{"Tiempo de lectura":"3 minutos"},"schema":{"@context":"https:\/\/schema.org","@graph":[{"@type":"WebPage","@id":"https:\/\/afianeswines.gr\/es\/visitenos\/eventos\/","url":"https:\/\/afianeswines.gr\/es\/visitenos\/eventos\/","name":"Eventos - Afianes Wines","isPartOf":{"@id":"https:\/\/afianeswines.gr\/es\/#website"},"primaryImageOfPage":{"@id":"https:\/\/afianeswines.gr\/es\/visitenos\/eventos\/#primaryimage"},"image":{"@id":"https:\/\/afianeswines.gr\/es\/visitenos\/eventos\/#primaryimage"},"thumbnailUrl":"https:\/\/afianeswines.gr\/wp-content\/uploads\/2019\/07\/ekdiloseis_header.jpg","datePublished":"2019-07-10T23:05:28+00:00","dateModified":"2023-06-29T15:35:26+00:00","breadcrumb":{"@id":"https:\/\/afianeswines.gr\/es\/visitenos\/eventos\/#breadcrumb"},"inLanguage":"es","potentialAction":[{"@type":"ReadAction","target":["https:\/\/afianeswines.gr\/es\/visitenos\/eventos\/"]}]},{"@type":"ImageObject","inLanguage":"es","@id":"https:\/\/afianeswines.gr\/es\/visitenos\/eventos\/#primaryimage","url":"https:\/\/afianeswines.gr\/wp-content\/uploads\/2019\/07\/ekdiloseis_header.jpg","contentUrl":"https:\/\/afianeswines.gr\/wp-content\/uploads\/2019\/07\/ekdiloseis_header.jpg","width":2000,"height":611},{"@type":"BreadcrumbList","@id":"https:\/\/afianeswines.gr\/es\/visitenos\/eventos\/#breadcrumb","itemListElement":[{"@type":"ListItem","position":1,"name":"Home","item":"https:\/\/afianeswines.gr\/es\/"},{"@type":"ListItem","position":2,"name":"Vis\u00edtenos","item":"https:\/\/afianeswines.gr\/es\/visitenos\/"},{"@type":"ListItem","position":3,"name":"Eventos"}]},{"@type":"WebSite","@id":"https:\/\/afianeswines.gr\/es\/#website","url":"https:\/\/afianeswines.gr\/es\/","name":"Afianes Wines","description":"\u039f\u03b9\u03bd\u03bf\u03c0\u03bf\u03b9\u03b5\u03af\u03bf \u0399\u03ba\u03b1\u03c1\u03af\u03b1 - \u0395\u03ba\u03bb\u03b5\u03ba\u03c4\u03ac \u03ba\u03c1\u03b1\u03c3\u03b9\u03ac","potentialAction":[{"@type":"SearchAction","target":{"@type":"EntryPoint","urlTemplate":"https:\/\/afianeswines.gr\/es\/?s={search_term_string}"},"query-input":{"@type":"PropertyValueSpecification","valueRequired":true,"valueName":"search_term_string"}}],"inLanguage":"es"}]}},"_links":{"self":[{"href":"https:\/\/afianeswines.gr\/es\/wp-json\/wp\/v2\/pages\/34620","targetHints":{"allow":["GET"]}}],"collection":[{"href":"https:\/\/afianeswines.gr\/es\/wp-json\/wp\/v2\/pages"}],"about":[{"href":"https:\/\/afianeswines.gr\/es\/wp-json\/wp\/v2\/types\/page"}],"author":[{"embeddable":true,"href":"https:\/\/afianeswines.gr\/es\/wp-json\/wp\/v2\/users\/1"}],"replies":[{"embeddable":true,"href":"https:\/\/afianeswines.gr\/es\/wp-json\/wp\/v2\/comments?post=34620"}],"version-history":[{"count":8,"href":"https:\/\/afianeswines.gr\/es\/wp-json\/wp\/v2\/pages\/34620\/revisions"}],"predecessor-version":[{"id":36942,"href":"https:\/\/afianeswines.gr\/es\/wp-json\/wp\/v2\/pages\/34620\/revisions\/36942"}],"up":[{"embeddable":true,"href":"https:\/\/afianeswines.gr\/es\/wp-json\/wp\/v2\/pages\/34501"}],"wp:featuredmedia":[{"embeddable":true,"href":"https:\/\/afianeswines.gr\/es\/wp-json\/wp\/v2\/media\/34622"}],"wp:attachment":[{"href":"https:\/\/afianeswines.gr\/es\/wp-json\/wp\/v2\/media?parent=34620"}],"curies":[{"name":"wp","href":"https:\/\/api.w.org\/{rel}","templated":true}]}}