{"id":34573,"date":"2019-06-30T00:27:34","date_gmt":"2019-06-29T21:27:34","guid":{"rendered":"https:\/\/afianeswines.gr\/%ce%ba%cf%84%ce%ae%ce%bc%ce%b1-%ce%b1%cf%86%ce%b9%ce%b1%ce%bd%ce%ad%cf%82\/"},"modified":"2025-04-02T22:44:43","modified_gmt":"2025-04-02T19:44:43","slug":"bodega-afianes","status":"publish","type":"page","link":"https:\/\/afianeswines.gr\/es\/bodega-afianes\/","title":{"rendered":"Bodega Afianes"},"content":{"rendered":"<p>[vc_row][vc_column]\n\t<div class=\"title-subtitle-box   \" style=\" text-align: left;\">\n\t\t<h2 style=\" text-transform: uppercase; font-weight: 300; letter-spacing: 0px;\" >Cuando la tradici\u00f3n del vino, la arqueolog\u00eda y la innovaci\u00f3n coinciden...<\/h2>\n\t<\/div> [vc_row_inner][vc_column_inner width=\u00bb1\/2&#8243;][vc_single_image image=\u00bb34582&#8243; img_size=\u00bbfull\u00bb][vc_column_text css=\u00bb.vc_custom_1617792230799{padding-top: 10% !important;padding-right: 10% !important;padding-bottom: 10% !important;padding-left: 10% !important;}\u00bb]La finca Afianes fue creada, con mucho amor y pasi\u00f3n, en 1997 en Raches, Ikaria. El objetivo principal del fundador Nikos Afianes y su esposa Maria era que el vino de Ikaria recuperara su lugar en el \u00e1mbito vitivin\u00edcola internacional. Hoy casi 20 a\u00f1os despu\u00e9s, los vinos finos de Afianes Wines han ganado el reconocimiento internacional como especiales y \u00fanicos en su tipo. Ya que utilizan y combinan la antigua tradici\u00f3n vitivin\u00edcola de Ikaria, con sus excelentes variedades de uva y m\u00e9todos innovadores de vinificaci\u00f3n y cultivo.[\/vc_column_text][\/vc_column_inner][vc_column_inner width=\u00bb1\/2&#8243;][vc_column_text css=\u00bb.vc_custom_1617791565274{padding-top: 0px !important;padding-right: 10% !important;padding-bottom: 10% !important;padding-left: 10% !important;}\u00bb]Nuestro principal objetivo es perpetuar la tradicion \u00fanica y especial de elaboraci\u00f3n del vino de Ikaria. Esta tiene sus ra\u00edces en la antig\u00fcedad y se realizaba al aire libre en tinajas enterradas en el suelo. La promoci\u00f3n de las variedades exclusivamente aut\u00f3ctonas, Fokiano y Begleri, que otorgan una Indicaci\u00f3n Geogr\u00e1fica Protegida de Ikaria, fue tambi\u00e9n uno de nuestros principales objetivos y otra meta que alcanzamos para nuestro pa\u00eds.[\/vc_column_text][vc_single_image image=\u00bb34583&#8243; img_size=\u00bbfull\u00bb][\/vc_column_inner][\/vc_row_inner]\n\t<div class=\"featured-image-box  text-align-center normal_hover_style\">\n\t\t<figure class=\" default\">\n\t\t\t <img decoding=\"async\" class=\"wp-post-image default\" src=\"https:\/\/afianeswines.gr\/wp-content\/uploads\/2019\/07\/ktima_big.jpg\" alt=\"\" \/> \n\t\t<figcaption>\n\t\t\t<h4><\/h4>\n\t\t\t<p><\/p>\n\t\t<\/figcaption>\n\t\t<\/figure>\n\t<\/div> [vc_row_inner][vc_column_inner width=\u00bb1\/2&#8243;][vc_column_text css=\u00bb.vc_custom_1617792493212{padding-top: 10% !important;padding-right: 10% !important;padding-bottom: 10% !important;padding-left: 10% !important;}\u00bb]La innovaci\u00f3n es nuestra b\u00fasqueda constante. Hemos logrado, en gran medida, controlar y utilizar levadura salvaje, para crear vinos especiales, que puedan satisfacer e impresionar a los amantes del vino de todo el mundo. Adem\u00e1s, innovamos con la vinificaci\u00f3n del vino espumoso natural, dando un nuevo aspecto a nuestras dos variedades aut\u00f3ctonas.<br \/>\nEn los \u00faltimos dos a\u00f1os, hemos desarrollado la vinificaci\u00f3n en el espacio abierto de nuestra bodega y elaboramos vinos con la m\u00ednima utilizaci\u00f3n de m\u00e1quinas. Los conocidos internacionalmente como Vinos Naturales. Al mismo tiempo, seguimos los principios de la agricultura ecol\u00f3gica, tanto para la vi\u00f1a como para nuestra bodega. Trabajamos con un organismo de certificaci\u00f3n DIO de productos ecol\u00f3gicos. Adem\u00e1s, hemos comenzado a introducir los principios de la biodin\u00e1mica en el cultivo.[\/vc_column_text][\/vc_column_inner][vc_column_inner width=\u00bb1\/2&#8243;][vc_column_text css=\u00bb.vc_custom_1617792567603{padding-top: 10% !important;padding-right: 10% !important;padding-bottom: 20px !important;padding-left: 10% !important;}\u00bb]La prensa tradicional de piedra (patitiri) ocupa un lugar predominante en nuestra finca y por supuesto su funci\u00f3n no es solo decorativa, sino tambi\u00e9n productiva. Todas nuestras etiquetas son de producci\u00f3n limitada. Creemos que respetando el medio ambiente, este nos recompensar\u00e1 por la prudencia y la paciencia. Despu\u00e9s de todo, este es el est\u00e1ndar que define la vida en Ikaria desde el comienzo de su historia.[\/vc_column_text]\n\t<blockquote style=\"color: #b61c2a;\" class=\"gg-vc-quote vc_custom_1617791266560\">\n\t\u275dVinos crudos, naturales, sin filtrar, biodin\u00e1micos y de cultivo ecol\u00f3gico\u275e\n\t<\/blockquote>[\/vc_column_inner][\/vc_row_inner][vc_row_inner][vc_column_inner width=\u00bb1\/2&#8243;][vc_video link=\u00bbhttps:\/\/www.youtube.com\/watch?reload=9&amp;v=ml3rWtURHY8&#8243;][\/vc_column_inner][vc_column_inner width=\u00bb1\/2&#8243;][vc_video link=\u00bbhttps:\/\/www.youtube.com\/watch?v=VMk1_Hg09-c\u00bb][\/vc_column_inner][\/vc_row_inner][\/vc_column][\/vc_row][vc_row full_width=\u00bbstretch_row\u00bb content_placement=\u00bbtop\u00bb parallax=\u00bbcontent-moving\u00bb parallax_image=\u00bb2156&#8243; css=\u00bb.vc_custom_1562802817772{background-image: url(https:\/\/afianeswines.gr\/wp-content\/uploads\/2018\/02\/homepage-slider-dummy-1.jpg?id=1466) !important;}\u00bb][vc_column][vc_custom_heading text=\u00bbLa inauguraci\u00f3n del 1er Congreso Internacional sobre la arqueolog\u00eda del vino en Grecia y Chipre con la cooperaci\u00f3n de la universidad de Cambridge\u00bb font_container=\u00bbtag:h2|font_size:60px|text_align:center|color:%23ceae8a\u00bb google_fonts=\u00bbfont_family:Didact%20Gothic%3Aregular|font_style:400%20regular%3A400%3Anormal\u00bb css=\u00bb.vc_custom_1622811309416{padding-top: 50px !important;padding-right: 50px !important;padding-bottom: 50px !important;padding-left: 50px !important;}\u00bb][vc_column_text css=\u00bb.vc_custom_1743623075013{padding-top: 0px !important;padding-right: 10% !important;padding-bottom: 10% !important;padding-left: 10% !important;}\u00bb]<span style=\"color: #ffffff;\"><strong>\u03a4<\/strong><\/span><\/p>\n<p class=\"\" data-start=\"60\" data-end=\"771\">Nuestro establecimiento moderno, ubicado en Profitis Ilias de Raches Ikaria, se inaugur\u00f3 en septiembre de 2007, coincidiendo con la 1\u00aa Conferencia Internacional sobre la Arqueolog\u00eda del Vino, que tuvo lugar en Ikaria en cooperaci\u00f3n con la Universidad de Cambridge. Este evento fue \u00fanico en su tipo, ya que 28 acad\u00e9micos de diferentes universidades de todo el mundo presentaron trabajos originales, analizando e interpretando el avance de la vinificaci\u00f3n antigua, as\u00ed como las costumbres, tradiciones, m\u00e9todos de producci\u00f3n y almacenamiento del vino. Durante la conferencia, los participantes visitaron nuestra bodega, reconociendo la valiosa contribuci\u00f3n al mantenimiento de una forma primitiva de vinificaci\u00f3n.<\/p>\n<p class=\"\" data-start=\"773\" data-end=\"989\">Esta conferencia fue el trampol\u00edn para el nuevo comienzo de Ikaria en el mundo del vino, ya que surgieron las dos singularidades de la isla: tanto las t\u00e9cnicas de vinificaci\u00f3n, como las \u00e1nforas enterradas y el sif\u00f3n.<\/p>\n<p><span style=\"color: #ffffff;\"><strong>\u03bf\u00a0<\/strong><\/span>[\/vc_column_text][\/vc_column][vc_column][\/vc_column][\/vc_row][vc_row css=\u00bb.vc_custom_1561846184447{padding-right: 15px !important;padding-left: 15px !important;background-color: #ffffff !important;}\u00bb][vc_column][vc_row_inner][vc_column_inner]\n\t<div class=\"title-subtitle-box   \" style=\" text-align: left;\">\n\t\t<h2 style=\" text-transform: uppercase; font-weight: 400; letter-spacing: 0px;\" >La nueva generaci\u00f3n y nuestra filosof\u00eda<\/h2>\n\t<\/div> [vc_column_text]Las distinciones mundiales en los concursos y los informes en los medios griegos e internacionales sobre nuestra bodega y nuestros vinos contribuyeron significativamente al reingreso de Ikaria en el mapa mundial del vino. Estamos orgullosos de ello y decididos a continuar el proyecto de vida que hemos elegido, ahora con la participaci\u00f3n activa de nuestros dos hijos.<\/p>\n<p>Nuestro hijo Konstantinos Afiane, en\u00f3logo realiz\u00f3 estudios en Burdeos, y nuestra hija Eftychia Afiane, que estudi\u00f3 marketing y gesti\u00f3n en Niza, Francia, son la nueva generaci\u00f3n de nuestra finca. Ya est\u00e1n integrados en nuestro equipo, aportan sustancialmente y no paran de fijarse metas nuevas y ambiciosas.[\/vc_column_text]\n\t<div class=\"featured-image-box  text-align-left normal_hover_style\">\n\t\t<figure class=\" default\">\n\t\t\t <img decoding=\"async\" class=\"wp-post-image default\" src=\"https:\/\/afianeswines.gr\/wp-content\/uploads\/2019\/07\/nea-genia-e1683295611720.jpg\" alt=\"\" \/> \n\t\t<figcaption>\n\t\t\t<h4><\/h4>\n\t\t\t<p><\/p>\n\t\t<\/figcaption>\n\t\t<\/figure>\n\t<\/div> [vc_column_text]Nos comprometemos a continuar con la misma energ\u00eda para crear excelentes vinos, ideales para acompa\u00f1ar los momentos m\u00e1s bellos e importantes de su vida. Creemos en el poder del contacto personal nos gusta conocer de cerca a todos los amigos de nuestra finca y amantes de nuestros vinos. Los esperamos en la isla y en nuestra bodega para explicarle nuestro trabajo, la historia de este lugar y los sabores que esta tierra puede ofrecer. Tambi\u00e9n para compartir nuestro sue\u00f1o y, si es posible, que se convierta en parte de nuestra gran famil\u00eda.<\/p>\n<p>Le prometemos que el recorrido por nuestra finca, que est\u00e1 construida en un vi\u00f1edo a una altitud de 610 m, ser\u00e1 inolvidable. Ser\u00e1 una experiencia de vida, que incluir\u00e1 un recorrido por la \u00abherradura C\u00edclope\u00bb, el tradicional \u00abpythostasi\u00bb, el museo del folclore, el antiguo teatro \u00abDioniso\u00bb. Tambi\u00e9n podr\u00e1 disfrutar de una degustaci\u00f3n de nuestros vinos con vistas al mar Egeo.[\/vc_column_text][\/vc_column_inner][\/vc_row_inner][\/vc_column][\/vc_row][vc_row full_width=\u00bbstretch_row_content\u00bb css=\u00bb.vc_custom_1561846210427{padding-right: 15px !important;padding-left: 15px !important;background-color: #f1f1f1 !important;}\u00bb][vc_column]\n\t<div class=\"\">\n\t<div class=\"gg_images_slider\">\n\t<div  data-slick='{  \"slidesToShow\": 3,  \"arrows\": true,  \"dots\": true,  \"autoplay\": true,  \"infinite\": true,  \"slidesToScroll\": 1,  \"responsive\": [{\"breakpoint\": 1024, \"settings\": {\"slidesToShow\": 3, \"slidesToScroll\": 1}}, {\"breakpoint\": 600, \"settings\": {\"slidesToShow\": 2, \"slidesToScroll\": 1}}, {\"breakpoint\": 480, \"settings\": {\"slidesToShow\": 1, \"slidesToScroll\": 1}}]  }'  class=\"el-grid no_magnific products row gg-slick-carousel \" data-layout-mode=\"fitRows\" data-pagination=\"\"><div class=\"3\"><img loading=\"lazy\" decoding=\"async\" width=\"1024\" height=\"684\" src=\"https:\/\/afianeswines.gr\/wp-content\/uploads\/2019\/07\/people-1-1024x684.jpg\" class=\"attachment-large\" alt=\"\" srcset=\"https:\/\/afianeswines.gr\/wp-content\/uploads\/2019\/07\/people-1-1024x684.jpg 1024w, https:\/\/afianeswines.gr\/wp-content\/uploads\/2019\/07\/people-1-300x200.jpg 300w, https:\/\/afianeswines.gr\/wp-content\/uploads\/2019\/07\/people-1-768x513.jpg 768w, https:\/\/afianeswines.gr\/wp-content\/uploads\/2019\/07\/people-1.jpg 2000w\" sizes=\"auto, (max-width: 1024px) 100vw, 1024px\" \/><\/div><div class=\"3\"><img loading=\"lazy\" decoding=\"async\" width=\"1024\" height=\"684\" src=\"https:\/\/afianeswines.gr\/wp-content\/uploads\/2019\/07\/KFR_9116-2-1024x684.jpg\" class=\"attachment-large\" alt=\"\" srcset=\"https:\/\/afianeswines.gr\/wp-content\/uploads\/2019\/07\/KFR_9116-2-1024x684.jpg 1024w, https:\/\/afianeswines.gr\/wp-content\/uploads\/2019\/07\/KFR_9116-2-300x200.jpg 300w, https:\/\/afianeswines.gr\/wp-content\/uploads\/2019\/07\/KFR_9116-2-768x513.jpg 768w, https:\/\/afianeswines.gr\/wp-content\/uploads\/2019\/07\/KFR_9116-2.jpg 2000w\" sizes=\"auto, (max-width: 1024px) 100vw, 1024px\" \/><\/div><div class=\"3\"><img loading=\"lazy\" decoding=\"async\" width=\"1024\" height=\"684\" src=\"https:\/\/afianeswines.gr\/wp-content\/uploads\/2019\/07\/KFR_8997-1-1024x684.jpg\" class=\"attachment-large\" alt=\"\" srcset=\"https:\/\/afianeswines.gr\/wp-content\/uploads\/2019\/07\/KFR_8997-1-1024x684.jpg 1024w, https:\/\/afianeswines.gr\/wp-content\/uploads\/2019\/07\/KFR_8997-1-300x200.jpg 300w, https:\/\/afianeswines.gr\/wp-content\/uploads\/2019\/07\/KFR_8997-1-768x513.jpg 768w, https:\/\/afianeswines.gr\/wp-content\/uploads\/2019\/07\/KFR_8997-1.jpg 2000w\" sizes=\"auto, (max-width: 1024px) 100vw, 1024px\" \/><\/div><div class=\"3\"><img loading=\"lazy\" decoding=\"async\" width=\"1024\" height=\"682\" src=\"https:\/\/afianeswines.gr\/wp-content\/uploads\/2019\/07\/DSC_0086-1-1024x682.jpg\" class=\"attachment-large\" alt=\"\" srcset=\"https:\/\/afianeswines.gr\/wp-content\/uploads\/2019\/07\/DSC_0086-1-1024x682.jpg 1024w, https:\/\/afianeswines.gr\/wp-content\/uploads\/2019\/07\/DSC_0086-1-300x200.jpg 300w, https:\/\/afianeswines.gr\/wp-content\/uploads\/2019\/07\/DSC_0086-1-768x512.jpg 768w, https:\/\/afianeswines.gr\/wp-content\/uploads\/2019\/07\/DSC_0086-1.jpg 2000w\" sizes=\"auto, (max-width: 1024px) 100vw, 1024px\" \/><\/div><div class=\"3\"><img loading=\"lazy\" decoding=\"async\" width=\"1024\" height=\"682\" src=\"https:\/\/afianeswines.gr\/wp-content\/uploads\/2019\/07\/DSC_0082-1024x682.jpg\" class=\"attachment-large\" alt=\"\" srcset=\"https:\/\/afianeswines.gr\/wp-content\/uploads\/2019\/07\/DSC_0082-1024x682.jpg 1024w, https:\/\/afianeswines.gr\/wp-content\/uploads\/2019\/07\/DSC_0082-300x200.jpg 300w, https:\/\/afianeswines.gr\/wp-content\/uploads\/2019\/07\/DSC_0082-768x512.jpg 768w, https:\/\/afianeswines.gr\/wp-content\/uploads\/2019\/07\/DSC_0082.jpg 2000w\" sizes=\"auto, (max-width: 1024px) 100vw, 1024px\" \/><\/div><div class=\"3\"><img loading=\"lazy\" decoding=\"async\" width=\"1024\" height=\"684\" src=\"https:\/\/afianeswines.gr\/wp-content\/uploads\/2019\/07\/KFR_8254-1-1024x684.jpg\" class=\"attachment-large\" alt=\"\" srcset=\"https:\/\/afianeswines.gr\/wp-content\/uploads\/2019\/07\/KFR_8254-1-1024x684.jpg 1024w, https:\/\/afianeswines.gr\/wp-content\/uploads\/2019\/07\/KFR_8254-1-300x200.jpg 300w, https:\/\/afianeswines.gr\/wp-content\/uploads\/2019\/07\/KFR_8254-1-768x513.jpg 768w, https:\/\/afianeswines.gr\/wp-content\/uploads\/2019\/07\/KFR_8254-1.jpg 2000w\" sizes=\"auto, (max-width: 1024px) 100vw, 1024px\" \/><\/div><div class=\"3\"><img loading=\"lazy\" decoding=\"async\" width=\"1024\" height=\"684\" src=\"https:\/\/afianeswines.gr\/wp-content\/uploads\/2019\/07\/KFR_8078-1-1024x684.jpg\" class=\"attachment-large\" alt=\"\" srcset=\"https:\/\/afianeswines.gr\/wp-content\/uploads\/2019\/07\/KFR_8078-1-1024x684.jpg 1024w, https:\/\/afianeswines.gr\/wp-content\/uploads\/2019\/07\/KFR_8078-1-300x200.jpg 300w, https:\/\/afianeswines.gr\/wp-content\/uploads\/2019\/07\/KFR_8078-1-768x513.jpg 768w\" sizes=\"auto, (max-width: 1024px) 100vw, 1024px\" \/><\/div>\n\t<\/div>\n\t<\/div>\n\t<\/div>[\/vc_column][\/vc_row]<\/p>\n","protected":false},"excerpt":{"rendered":"<p>[vc_row][vc_column][vc_row_inner][vc_column_inner width=\u00bb1\/2&#8243;][vc_single_image image=\u00bb34582&#8243; img_size=\u00bbfull\u00bb][vc_column_text css=\u00bb.vc_custom_1617792230799{padding-top: 10% !important;padding-right: 10% !important;padding-bottom: 10% !important;padding-left: 10% !important;}\u00bb]La finca Afianes fue creada, con mucho amor y pasi\u00f3n, en 1997 en Raches, Ikaria. El objetivo principal del fundador Nikos Afianes y su esposa Maria era que el vino de Ikaria recuperara su lugar en el \u00e1mbito vitivin\u00edcola internacional. Hoy casi 20<br class=\"read-more-spacer\"> <a class=\"more-link\" href=\"https:\/\/afianeswines.gr\/es\/bodega-afianes\/\">Read More<\/a><\/p>\n","protected":false},"author":1,"featured_media":34575,"parent":0,"menu_order":0,"comment_status":"closed","ping_status":"closed","template":"","meta":{"footnotes":""},"class_list":["post-34573","page","type-page","status-publish","has-post-thumbnail","hentry"],"yoast_head":"<!-- This site is optimized with the Yoast SEO plugin v27.2 - https:\/\/yoast.com\/product\/yoast-seo-wordpress\/ -->\n<title>Bodega Afianes - Afianes Wines<\/title>\n<meta name=\"robots\" content=\"index, follow, max-snippet:-1, max-image-preview:large, max-video-preview:-1\" \/>\n<link rel=\"canonical\" href=\"https:\/\/afianeswines.gr\/es\/bodega-afianes\/\" \/>\n<meta property=\"og:locale\" content=\"es_ES\" \/>\n<meta property=\"og:type\" content=\"article\" \/>\n<meta property=\"og:title\" content=\"Bodega Afianes - Afianes Wines\" \/>\n<meta property=\"og:description\" content=\"[vc_row][vc_column][vc_row_inner][vc_column_inner width=\u00bb1\/2&#8243;][vc_single_image image=\u00bb34582&#8243; img_size=\u00bbfull\u00bb][vc_column_text css=\u00bb.vc_custom_1617792230799{padding-top: 10% !important;padding-right: 10% !important;padding-bottom: 10% !important;padding-left: 10% !important;}\u00bb]La finca Afianes fue creada, con mucho amor y pasi\u00f3n, en 1997 en Raches, Ikaria. El objetivo principal del fundador Nikos Afianes y su esposa Maria era que el vino de Ikaria recuperara su lugar en el \u00e1mbito vitivin\u00edcola internacional. Hoy casi 20 Read More\" \/>\n<meta property=\"og:url\" content=\"https:\/\/afianeswines.gr\/es\/bodega-afianes\/\" \/>\n<meta property=\"og:site_name\" content=\"Afianes Wines\" \/>\n<meta property=\"article:modified_time\" content=\"2025-04-02T19:44:43+00:00\" \/>\n<meta property=\"og:image\" content=\"https:\/\/afianeswines.gr\/wp-content\/uploads\/2019\/07\/ktima-header.jpg\" \/>\n\t<meta property=\"og:image:width\" content=\"2000\" \/>\n\t<meta property=\"og:image:height\" content=\"611\" \/>\n\t<meta property=\"og:image:type\" content=\"image\/jpeg\" \/>\n<meta name=\"twitter:card\" content=\"summary_large_image\" \/>\n<meta name=\"twitter:label1\" content=\"Tiempo de lectura\" \/>\n\t<meta name=\"twitter:data1\" content=\"4 minutos\" \/>\n<script type=\"application\/ld+json\" class=\"yoast-schema-graph\">{\"@context\":\"https:\/\/schema.org\",\"@graph\":[{\"@type\":\"WebPage\",\"@id\":\"https:\/\/afianeswines.gr\/es\/bodega-afianes\/\",\"url\":\"https:\/\/afianeswines.gr\/es\/bodega-afianes\/\",\"name\":\"Bodega Afianes - Afianes Wines\",\"isPartOf\":{\"@id\":\"https:\/\/afianeswines.gr\/es\/#website\"},\"primaryImageOfPage\":{\"@id\":\"https:\/\/afianeswines.gr\/es\/bodega-afianes\/#primaryimage\"},\"image\":{\"@id\":\"https:\/\/afianeswines.gr\/es\/bodega-afianes\/#primaryimage\"},\"thumbnailUrl\":\"https:\/\/afianeswines.gr\/wp-content\/uploads\/2019\/07\/ktima-header.jpg\",\"datePublished\":\"2019-06-29T21:27:34+00:00\",\"dateModified\":\"2025-04-02T19:44:43+00:00\",\"breadcrumb\":{\"@id\":\"https:\/\/afianeswines.gr\/es\/bodega-afianes\/#breadcrumb\"},\"inLanguage\":\"es\",\"potentialAction\":[{\"@type\":\"ReadAction\",\"target\":[\"https:\/\/afianeswines.gr\/es\/bodega-afianes\/\"]}]},{\"@type\":\"ImageObject\",\"inLanguage\":\"es\",\"@id\":\"https:\/\/afianeswines.gr\/es\/bodega-afianes\/#primaryimage\",\"url\":\"https:\/\/afianeswines.gr\/wp-content\/uploads\/2019\/07\/ktima-header.jpg\",\"contentUrl\":\"https:\/\/afianeswines.gr\/wp-content\/uploads\/2019\/07\/ktima-header.jpg\",\"width\":2000,\"height\":611},{\"@type\":\"BreadcrumbList\",\"@id\":\"https:\/\/afianeswines.gr\/es\/bodega-afianes\/#breadcrumb\",\"itemListElement\":[{\"@type\":\"ListItem\",\"position\":1,\"name\":\"Home\",\"item\":\"https:\/\/afianeswines.gr\/es\/\"},{\"@type\":\"ListItem\",\"position\":2,\"name\":\"Bodega Afianes\"}]},{\"@type\":\"WebSite\",\"@id\":\"https:\/\/afianeswines.gr\/es\/#website\",\"url\":\"https:\/\/afianeswines.gr\/es\/\",\"name\":\"Afianes Wines\",\"description\":\"\u039f\u03b9\u03bd\u03bf\u03c0\u03bf\u03b9\u03b5\u03af\u03bf \u0399\u03ba\u03b1\u03c1\u03af\u03b1 - \u0395\u03ba\u03bb\u03b5\u03ba\u03c4\u03ac \u03ba\u03c1\u03b1\u03c3\u03b9\u03ac\",\"potentialAction\":[{\"@type\":\"SearchAction\",\"target\":{\"@type\":\"EntryPoint\",\"urlTemplate\":\"https:\/\/afianeswines.gr\/es\/?s={search_term_string}\"},\"query-input\":{\"@type\":\"PropertyValueSpecification\",\"valueRequired\":true,\"valueName\":\"search_term_string\"}}],\"inLanguage\":\"es\"}]}<\/script>\n<!-- \/ Yoast SEO plugin. -->","yoast_head_json":{"title":"Bodega Afianes - Afianes Wines","robots":{"index":"index","follow":"follow","max-snippet":"max-snippet:-1","max-image-preview":"max-image-preview:large","max-video-preview":"max-video-preview:-1"},"canonical":"https:\/\/afianeswines.gr\/es\/bodega-afianes\/","og_locale":"es_ES","og_type":"article","og_title":"Bodega Afianes - Afianes Wines","og_description":"[vc_row][vc_column][vc_row_inner][vc_column_inner width=\u00bb1\/2&#8243;][vc_single_image image=\u00bb34582&#8243; img_size=\u00bbfull\u00bb][vc_column_text css=\u00bb.vc_custom_1617792230799{padding-top: 10% !important;padding-right: 10% !important;padding-bottom: 10% !important;padding-left: 10% !important;}\u00bb]La finca Afianes fue creada, con mucho amor y pasi\u00f3n, en 1997 en Raches, Ikaria. El objetivo principal del fundador Nikos Afianes y su esposa Maria era que el vino de Ikaria recuperara su lugar en el \u00e1mbito vitivin\u00edcola internacional. Hoy casi 20 Read More","og_url":"https:\/\/afianeswines.gr\/es\/bodega-afianes\/","og_site_name":"Afianes Wines","article_modified_time":"2025-04-02T19:44:43+00:00","og_image":[{"width":2000,"height":611,"url":"https:\/\/afianeswines.gr\/wp-content\/uploads\/2019\/07\/ktima-header.jpg","type":"image\/jpeg"}],"twitter_card":"summary_large_image","twitter_misc":{"Tiempo de lectura":"4 minutos"},"schema":{"@context":"https:\/\/schema.org","@graph":[{"@type":"WebPage","@id":"https:\/\/afianeswines.gr\/es\/bodega-afianes\/","url":"https:\/\/afianeswines.gr\/es\/bodega-afianes\/","name":"Bodega Afianes - Afianes Wines","isPartOf":{"@id":"https:\/\/afianeswines.gr\/es\/#website"},"primaryImageOfPage":{"@id":"https:\/\/afianeswines.gr\/es\/bodega-afianes\/#primaryimage"},"image":{"@id":"https:\/\/afianeswines.gr\/es\/bodega-afianes\/#primaryimage"},"thumbnailUrl":"https:\/\/afianeswines.gr\/wp-content\/uploads\/2019\/07\/ktima-header.jpg","datePublished":"2019-06-29T21:27:34+00:00","dateModified":"2025-04-02T19:44:43+00:00","breadcrumb":{"@id":"https:\/\/afianeswines.gr\/es\/bodega-afianes\/#breadcrumb"},"inLanguage":"es","potentialAction":[{"@type":"ReadAction","target":["https:\/\/afianeswines.gr\/es\/bodega-afianes\/"]}]},{"@type":"ImageObject","inLanguage":"es","@id":"https:\/\/afianeswines.gr\/es\/bodega-afianes\/#primaryimage","url":"https:\/\/afianeswines.gr\/wp-content\/uploads\/2019\/07\/ktima-header.jpg","contentUrl":"https:\/\/afianeswines.gr\/wp-content\/uploads\/2019\/07\/ktima-header.jpg","width":2000,"height":611},{"@type":"BreadcrumbList","@id":"https:\/\/afianeswines.gr\/es\/bodega-afianes\/#breadcrumb","itemListElement":[{"@type":"ListItem","position":1,"name":"Home","item":"https:\/\/afianeswines.gr\/es\/"},{"@type":"ListItem","position":2,"name":"Bodega Afianes"}]},{"@type":"WebSite","@id":"https:\/\/afianeswines.gr\/es\/#website","url":"https:\/\/afianeswines.gr\/es\/","name":"Afianes Wines","description":"\u039f\u03b9\u03bd\u03bf\u03c0\u03bf\u03b9\u03b5\u03af\u03bf \u0399\u03ba\u03b1\u03c1\u03af\u03b1 - \u0395\u03ba\u03bb\u03b5\u03ba\u03c4\u03ac \u03ba\u03c1\u03b1\u03c3\u03b9\u03ac","potentialAction":[{"@type":"SearchAction","target":{"@type":"EntryPoint","urlTemplate":"https:\/\/afianeswines.gr\/es\/?s={search_term_string}"},"query-input":{"@type":"PropertyValueSpecification","valueRequired":true,"valueName":"search_term_string"}}],"inLanguage":"es"}]}},"_links":{"self":[{"href":"https:\/\/afianeswines.gr\/es\/wp-json\/wp\/v2\/pages\/34573","targetHints":{"allow":["GET"]}}],"collection":[{"href":"https:\/\/afianeswines.gr\/es\/wp-json\/wp\/v2\/pages"}],"about":[{"href":"https:\/\/afianeswines.gr\/es\/wp-json\/wp\/v2\/types\/page"}],"author":[{"embeddable":true,"href":"https:\/\/afianeswines.gr\/es\/wp-json\/wp\/v2\/users\/1"}],"replies":[{"embeddable":true,"href":"https:\/\/afianeswines.gr\/es\/wp-json\/wp\/v2\/comments?post=34573"}],"version-history":[{"count":6,"href":"https:\/\/afianeswines.gr\/es\/wp-json\/wp\/v2\/pages\/34573\/revisions"}],"predecessor-version":[{"id":39397,"href":"https:\/\/afianeswines.gr\/es\/wp-json\/wp\/v2\/pages\/34573\/revisions\/39397"}],"wp:featuredmedia":[{"embeddable":true,"href":"https:\/\/afianeswines.gr\/es\/wp-json\/wp\/v2\/media\/34575"}],"wp:attachment":[{"href":"https:\/\/afianeswines.gr\/es\/wp-json\/wp\/v2\/media?parent=34573"}],"curies":[{"name":"wp","href":"https:\/\/api.w.org\/{rel}","templated":true}]}}